{"id":7585,"date":"2024-12-20T07:15:10","date_gmt":"2024-12-20T07:15:10","guid":{"rendered":"https:\/\/deepskyblue-opossum-371189.hostingersite.com\/projekts\/dosim-iespeju-talantam\/"},"modified":"2024-12-20T07:15:10","modified_gmt":"2024-12-20T07:15:10","slug":"dosim-iespeju-talantam","status":"publish","type":"projekts","link":"https:\/\/lnbiedriba.lv\/lv\/projekts\/dosim-iespeju-talantam\/","title":{"rendered":"Dosim iesp\u0113ju talantam!"},"content":{"rendered":"<div class=\"post-media col-lg-6 col-md-6 col-sm-6 ml-0 pl-0\">\n                                <a class=\"cbox-gallary1 cboxElement\" href=\"\/img\/projekti\/20_32190980-10155565567381313-995246237194125312_lrg.jpg\" target=\"_blank\" title=\"Dosim iesp\u0113ju talantam!\"><img decoding=\"async\" src=\"\/img\/projekti\/20_32190980-10155565567381313-995246237194125312_1.jpg\" alt=\"Dosim iesp\u0113ju talantam!\"><\/a>\n                            <\/div>\n<div class=\"post-entry\">\n                                <span class=\"project-completed\">Projekts ir realiz\u0113ts<\/span><\/p>\n<p>                                &lt;!&#8211; <\/p>\n<h3>Dosim iesp\u0113ju talantam!<\/p>\n<\/h3>\n<p> &#8211;&gt;<\/p>\n<h5 class=\"mb-30\">Rado\u0161o iniciat\u012bvu viecin\u0101\u0161ana <\/h5>\n<p class=\"mb-10\"><b>Ilgums:<\/b> 1. maijs 2018 &#8211; 10. decembris 2018<\/p>\n<p class=\"mb-5\">\n<p><img decoding=\"async\" src=\"\/usr\/logo\/logo_vpr_vm_vkkf.jpg\" alt=\"\" title=\"\" style=\"height:60px;width:auto;margin:10px 20px 10px 0\"><\/p>\n<div class=\"clearfix\"><\/div>\n<\/p><\/div>\n<div class=\"col-lg-9 col-md-12 ml-0 pl-0\">\n<div style=\"width:97%\">\n                                <span> <\/span><\/p>\n<p><span><span>Projekta ietvaros tiks rad\u012bta koncertprogramma Starptautiskajai inval\u012bdu dienai par godu, kuras galvenie skatuves m\u0101kslinieki b\u016bs cilv\u0113ki ar invalidit\u0101ti no da\u017e\u0101diem m\u0101kslinieciskajiem kolekt\u012bviem, seniori, b\u0113rni un jaunie\u0161i, kas darbojas Vidzemes pl\u0101no\u0161anas re\u0123ion\u0101. Starptautisk\u0101s inval\u012bdu dienas gaid\u0101s cilv\u0113kiem ar redzes invalidit\u0101ti tiks organiz\u0113tas piel\u0101gotu rokdarbu nodarb\u012bbas un&nbsp; rokdarbu izst\u0101de. Projekta ietvaros b\u016bs organiz\u0113ts cilv\u0113ku ar invalidit\u0101ti iedvesmas st\u0101stu vakars Latvijas Neredz\u012bgo biedr\u012bbas C\u0113su teritori\u0101l\u0101s organiz\u0101cijas telp\u0101s, kur jo \u012bpa\u0161i aicin\u0101ta b\u016bs t\u0101 sabiedr\u012bbas da\u013ca, kurai ikdien\u0101 nav saskarsme ar \u0161iem cilv\u0113kiem, t\u0101dej\u0101di veicinot sapratni un apbr\u012bnu par konkr\u0113to m\u0113r\u0137a grupu.&nbsp; <br \/><span> <\/span><\/span><\/span><\/p>\n<p><span><span>3.decembris ir diena, kad cilv\u0113ki vis\u0101 pasaul\u0113 vienojas kop\u0113jos pas\u0101kumos, lai v\u0113lreiz akcent\u0113tu cilv\u0113ku ar invalidit\u0101ti probl\u0113mas un to iesp\u0113jamos risin\u0101jumus, k\u0101 ar\u012b par\u0101d\u012btu pla\u0161\u0101kai sabiedr\u012bbai, ka ar\u012b \u0161ie cilv\u0113ki ir noz\u012bm\u012bga da\u013ca no sabiedr\u012bbas ar saviem talantiem un sp\u0113j\u0101m. T\u0101 ir diena, kad valsts un pa\u0161vald\u012bbu iest\u0101d\u0113m ir iesp\u0113ja par\u0101d\u012bt savu attieksmi un labo gribu risin\u0101t daudzus sas\u0101p\u0113ju\u0161us jaut\u0101jumus. <\/span><\/span><\/p>\n<p><span><span>Vidzemes pl\u0101no\u0161anas re\u0123ion\u0101 savu darb\u012bbu veic gana liels skaits organiz\u0101ciju, kas apvieno cilv\u0113kus ar invalidit\u0101ti. \u0160ie cilv\u0113ki ikdien\u0101 piedal\u0101s da\u017e\u0101dos izgl\u012btojo\u0161os un izklaid\u0113jo\u0161os pas\u0101kumos gan k\u0101 dal\u012bbnieki, gan k\u0101 pas\u0101kumu apmekl\u0113t\u0101ji. Ta\u010du ne vienm\u0113r \u0161iem cilv\u0113kiem ir iesp\u0113ja ap sevi pulc\u0113t l\u012bdz\u012bgus cilv\u0113kus un organiz\u0101cijas, k\u0101 ar\u012b to sabiedr\u012bbas da\u013cu, kura ikdien\u0101 nesaskaras ar cilv\u0113kiem ar invalidit\u0101ti. <\/span><\/span><\/p>\n<p><span><span><span>Latvijas Neredz\u012bgo biedr\u012bbas C\u0113su teritori\u0101l\u0101 organiz\u0101cija (C\u0113su TO), <\/span><\/span><span>C\u0113su pension\u0101ru biedr\u012bba<b> <\/b>un C\u0113su b\u0113rnu un jaunie\u0161u centrs ikdien\u0101 ir draudz\u012bg\u0101s attiec\u012bb\u0101s un iesp\u0113ju robe\u017e\u0101s veiku\u0161i savu sadarb\u012bbu da\u017e\u0101dos kult\u016bras un izgl\u012bt\u012bbas pas\u0101kumos. Glu\u017ei likumsakar\u012bgi, ka l\u012bdz\u0161in\u0113j\u0101s sadarb\u012bbas rezult\u0101t\u0101 rad\u0101s ideja par jauna, soci\u0101li atbild\u012bga projekta realiz\u0113\u0161anu tuv\u0101kaj\u0101 n\u0101kotn\u0113, proti, kult\u016bras koncerta \u012bsteno\u0161anu Starptautiskaj\u0101 inval\u012bdu dien\u0101. \u0160\u0101da pas\u0101kuma \u012bsteno\u0161ana \u012bpa\u0161i priec\u0113 C\u0113su Soci\u0101l\u0101 dienesta p\u0101rst\u0101vjus, jo t\u0101 b\u016bs lieliska iesp\u0113ja uzaicin\u0101t tos cilv\u0113kus ar invalidit\u0101ti, kuri atrodas dienesta redzeslok\u0101, bet kuriem ikdien\u0101 nav finansi\u0101l\u0101 roc\u012bba, lai apmekl\u0113tu maksas pas\u0101kumus. T\u0101pat t\u0101 b\u016btu iesp\u0113ja satikties ar l\u012bdz\u012bgiem cilv\u0113kiem, kurus vieno l\u012bdz\u012bgas probl\u0113mas.<\/span><\/span><\/p>\n<p><span><span>Lai att\u012bst\u012btu un iesak\u0146otu cilv\u0113ku ar invalidit\u0101ti rado\u0161o darb\u012bbu Vidzemes pl\u0101no\u0161anas re\u0123ion\u0101 un vis\u0101 Latvij\u0101, nepiecie\u0161ams sniegt atbalstu un iedro\u0161in\u0101jumu t\u0101m organiz\u0101cij\u0101m, kas apvieno un pulc\u0113 \u0161\u0101dus cilv\u0113kus. Ikdien\u0101 organiz\u0101cij\u0101m tr\u016bkst profesion\u0101\u013cu padoma un finansi\u0101l\u0101 roc\u012bba, lai visas savas idejas \u012bstenotu. T\u0101d\u0113\u013c ar projektu konkursa pal\u012bdz\u012bbu tiks sagatavota kvalitat\u012bva, m\u016bsdien\u012bga koncertprogramma, iesaistot da\u017e\u0101du organiz\u0101ciju p\u0101rst\u0101vjus. Gatavojot koncertprogrammu, b\u0113rni un jaunie\u0161i no C\u0113su b\u0113rnu un jaunie\u0161u centra b\u016bs atbalsta personas tiem cilv\u0113kiem ar invalidit\u0101ti, kuriem tas b\u016bs nepiecie\u0161ams. Tas veicin\u0101s sapratni, l\u012bdzciet\u012bbu un soci\u0101lo atbild\u012bbu jaunie\u0161os un vi\u0146u \u0123imen\u0113s. <\/span><\/span><\/p>\n<p><span><span>Uz Starptautisko inval\u012bdu dienas koncertu pl\u0101nots uzaicin\u0101t neredz\u012bgo organiz\u0101cijas no Al\u016bksnes un Madonas. \u0160aj\u0101s Vidzemes pl\u0101no\u0161anas re\u0123iona pils\u0113t\u0101s dz\u012bvo gandr\u012bz 200 cilv\u0113ki ar redzes trauc\u0113jumiem, kuri savas nedro\u0161\u012bbas, nep\u0101rliecin\u0101t\u012bbas un att\u0101luma d\u0113\u013c pas\u012bvi apmekl\u0113 kult\u016bras pas\u0101kumus, jeb neapmekl\u0113 tos nemaz. Ar projekta starpniec\u012bbu uz pas\u0101kumu tiks nog\u0101d\u0101ti 30 cilv\u0113ki ar redzes invalidit\u0101ti no Madonas un 30 cilv\u0113ki ar redzes invalidit\u0101ti no Al\u016bksnes. Tas \u013caus \u0161iem cilv\u0113kiem iepaz\u012bt citus biedrus ar redzes trauc\u0113jumiem un cit\u0101m invalidit\u0101t\u0113m, t\u0101dej\u0101di iedro\u0161inot vi\u0146us uz iesaisti sabiedriskajos procesos k\u0101 dal\u012bbniekiem.<\/span><\/span><\/p>\n<p><span><span>Ikdien\u0101 bie\u017ei vien cilv\u0113kiem ar invalidit\u0101ti pietr\u016bkst iesp\u0113jas izteikt savus talantus un p\u0101rv\u0113rst savas prasmes produktos. Tie\u0161i t\u0101d\u0113\u013c pusgada garum\u0101 b\u016bs noorganiz\u0113tas nodarb\u012bbas, kuru ietvaros var\u0113s apg\u016bt da\u017e\u0101das piel\u0101gotas rokdarbu prasmes, bet to laik\u0101 rad\u012btie produkti izst\u0101d\u012bti izst\u0101d\u0113, kas b\u016bs apl\u016bkojama pla\u0161ai sabiedr\u012bbas da\u013cai. Nodarb\u012bbu apmekl\u0113jums b\u016bs ne tikai prasmju ieg\u016b\u0161anai, bet ar\u012b lielisks veids k\u0101 socializ\u0113ties un dibin\u0101t jaunas sadraudz\u012bbas. <\/span><\/span><\/p>\n<p><span><span>Projekta ietvaros LNB C\u0113su TO telp\u0101s norisin\u0101sies iedvesmas st\u0101stu vakars, kas pulc\u0113s visus interesentus, kuri v\u0113l\u0113sies vair\u0101k uzzin\u0101t par cilv\u0113ka ar invalidit\u0101ti cien\u012bgu dz\u012bvi, vi\u0146a sasniegumiem un iesp\u0113j\u0101m. Pas\u0101kums b\u016bs bez maksas un taj\u0101 br\u012bvpr\u0101t\u012bgi ar saviem st\u0101stiem dal\u012bsies LNB C\u0113su TO biedri.<\/span><\/span><\/p>\n<p><span><span><span> <\/span><br \/><\/span><\/span><\/p>\n<p><span> <\/span>\n                                <\/div>\n<div class=\"clearfix pt-15\"><\/div>\n<\/p><\/div>\n<div class=\"col-lg-3 col-md-12 ml-0 pl-0 mr-0 pr-0\">\n<div class=\"pieteikties-kpers\">\n<h6>Kontaktinform\u0101cija<\/h6>\n<p>                                  <!-- Piesakieties rakstot vai zvanot un rad\u012bsim br\u012bnumu kop\u0101! --><\/p>\n<p class=\"pt-15\"><b>Madara Kalni\u0146a<\/b><\/p>\n<p>                                     <a class=\"txt-lg\" aria-label=\"T\u0101lrunis\" href=\"tel:29234033\"><i class=\"fa fa-phone left\"><\/i>29234033<\/a><br \/><a class=\"txt-lg\" href=\"mailto:projekti.lnb@gmail.com\" aria-label=\"E-pasts\"><i class=\"fa fa-envelope-o left\"><\/i>projekti.lnb@gmail.com<\/a>\n                                <\/div>\n<\/p><\/div>\n","protected":false},"featured_media":7583,"template":"","projektu-kategorija":[280],"class_list":["post-7585","projekts","type-projekts","status-publish","has-post-thumbnail","hentry","projektu-kategorija-realizetie-projekti"],"acf":[],"yoast_head":"<!-- This site is optimized with the Yoast SEO plugin v27.4 - https:\/\/yoast.com\/product\/yoast-seo-wordpress\/ -->\n<title>Dosim iesp\u0113ju talantam! - Latvijas Neredz\u012bgo Biedr\u012bba<\/title>\n<meta name=\"robots\" content=\"index, follow, max-snippet:-1, max-image-preview:large, max-video-preview:-1\" \/>\n<link rel=\"canonical\" href=\"https:\/\/lnbiedriba.lv\/lv\/projekts\/dosim-iespeju-talantam\/\" \/>\n<meta property=\"og:locale\" content=\"lv_LV\" \/>\n<meta property=\"og:type\" content=\"article\" \/>\n<meta property=\"og:title\" content=\"Dosim iesp\u0113ju talantam! - Latvijas Neredz\u012bgo Biedr\u012bba\" \/>\n<meta property=\"og:description\" content=\"Projekts ir realiz\u0113ts &lt;!&#8211; Dosim iesp\u0113ju talantam! &#8211;&gt; Rado\u0161o iniciat\u012bvu viecin\u0101\u0161ana Ilgums: 1. maijs 2018 &#8211; 10. decembris 2018 Projekta ietvaros tiks rad\u012bta koncertprogramma Starptautiskajai inval\u012bdu dienai par godu, kuras galvenie skatuves m\u0101kslinieki b\u016bs cilv\u0113ki ar invalidit\u0101ti no da\u017e\u0101diem m\u0101kslinieciskajiem kolekt\u012bviem, seniori, b\u0113rni un jaunie\u0161i, kas darbojas Vidzemes pl\u0101no\u0161anas re\u0123ion\u0101. Starptautisk\u0101s inval\u012bdu dienas gaid\u0101s cilv\u0113kiem [&hellip;]\" \/>\n<meta property=\"og:url\" content=\"https:\/\/lnbiedriba.lv\/lv\/projekts\/dosim-iespeju-talantam\/\" \/>\n<meta property=\"og:site_name\" content=\"Latvijas Neredz\u012bgo Biedr\u012bba\" \/>\n<meta property=\"og:image\" content=\"https:\/\/lnbiedriba.lv\/wp-content\/uploads\/2024\/12\/20_32190980-10155565567381313-995246237194125312_1-2.jpg\" \/>\n\t<meta property=\"og:image:width\" content=\"520\" \/>\n\t<meta property=\"og:image:height\" content=\"520\" \/>\n\t<meta property=\"og:image:type\" content=\"image\/jpeg\" \/>\n<meta name=\"twitter:card\" content=\"summary_large_image\" \/>\n<meta name=\"twitter:label1\" content=\"Est. reading time\" \/>\n\t<meta name=\"twitter:data1\" content=\"5 minutes\" \/>\n<script type=\"application\/ld+json\" class=\"yoast-schema-graph\">{\"@context\":\"https:\\\/\\\/schema.org\",\"@graph\":[{\"@type\":\"WebPage\",\"@id\":\"https:\\\/\\\/lnbiedriba.lv\\\/lv\\\/projekts\\\/dosim-iespeju-talantam\\\/\",\"url\":\"https:\\\/\\\/lnbiedriba.lv\\\/lv\\\/projekts\\\/dosim-iespeju-talantam\\\/\",\"name\":\"Dosim iesp\u0113ju talantam! - Latvijas Neredz\u012bgo Biedr\u012bba\",\"isPartOf\":{\"@id\":\"https:\\\/\\\/www.deepskyblue-opossum-371189.hostingersite.com\\\/en\\\/#website\"},\"primaryImageOfPage\":{\"@id\":\"https:\\\/\\\/lnbiedriba.lv\\\/lv\\\/projekts\\\/dosim-iespeju-talantam\\\/#primaryimage\"},\"image\":{\"@id\":\"https:\\\/\\\/lnbiedriba.lv\\\/lv\\\/projekts\\\/dosim-iespeju-talantam\\\/#primaryimage\"},\"thumbnailUrl\":\"https:\\\/\\\/lnbiedriba.lv\\\/wp-content\\\/uploads\\\/2024\\\/12\\\/20_32190980-10155565567381313-995246237194125312_1-2.jpg\",\"datePublished\":\"2024-12-20T07:15:10+00:00\",\"breadcrumb\":{\"@id\":\"https:\\\/\\\/lnbiedriba.lv\\\/lv\\\/projekts\\\/dosim-iespeju-talantam\\\/#breadcrumb\"},\"inLanguage\":\"lv-LV\",\"potentialAction\":[{\"@type\":\"ReadAction\",\"target\":[\"https:\\\/\\\/lnbiedriba.lv\\\/lv\\\/projekts\\\/dosim-iespeju-talantam\\\/\"]}]},{\"@type\":\"ImageObject\",\"inLanguage\":\"lv-LV\",\"@id\":\"https:\\\/\\\/lnbiedriba.lv\\\/lv\\\/projekts\\\/dosim-iespeju-talantam\\\/#primaryimage\",\"url\":\"https:\\\/\\\/lnbiedriba.lv\\\/wp-content\\\/uploads\\\/2024\\\/12\\\/20_32190980-10155565567381313-995246237194125312_1-2.jpg\",\"contentUrl\":\"https:\\\/\\\/lnbiedriba.lv\\\/wp-content\\\/uploads\\\/2024\\\/12\\\/20_32190980-10155565567381313-995246237194125312_1-2.jpg\",\"width\":520,\"height\":520},{\"@type\":\"BreadcrumbList\",\"@id\":\"https:\\\/\\\/lnbiedriba.lv\\\/lv\\\/projekts\\\/dosim-iespeju-talantam\\\/#breadcrumb\",\"itemListElement\":[{\"@type\":\"ListItem\",\"position\":1,\"name\":\"Home\",\"item\":\"https:\\\/\\\/www.deepskyblue-opossum-371189.hostingersite.com\\\/lv\\\/\"},{\"@type\":\"ListItem\",\"position\":2,\"name\":\"Dosim iesp\u0113ju talantam!\"}]},{\"@type\":\"WebSite\",\"@id\":\"https:\\\/\\\/www.deepskyblue-opossum-371189.hostingersite.com\\\/en\\\/#website\",\"url\":\"https:\\\/\\\/www.deepskyblue-opossum-371189.hostingersite.com\\\/en\\\/\",\"name\":\"Latvijas Neredz\u012bgo Biedr\u012bba\",\"description\":\"Apvienojam un p\u0101rst\u0101vam 1., 2. un 3. grupas redzes inval\u012bdu intereses Latvij\u0101.\",\"potentialAction\":[{\"@type\":\"SearchAction\",\"target\":{\"@type\":\"EntryPoint\",\"urlTemplate\":\"https:\\\/\\\/www.deepskyblue-opossum-371189.hostingersite.com\\\/en\\\/?s={search_term_string}\"},\"query-input\":{\"@type\":\"PropertyValueSpecification\",\"valueRequired\":true,\"valueName\":\"search_term_string\"}}],\"inLanguage\":\"lv-LV\"}]}<\/script>\n<!-- \/ Yoast SEO plugin. -->","yoast_head_json":{"title":"Dosim iesp\u0113ju talantam! - Latvijas Neredz\u012bgo Biedr\u012bba","robots":{"index":"index","follow":"follow","max-snippet":"max-snippet:-1","max-image-preview":"max-image-preview:large","max-video-preview":"max-video-preview:-1"},"canonical":"https:\/\/lnbiedriba.lv\/lv\/projekts\/dosim-iespeju-talantam\/","og_locale":"lv_LV","og_type":"article","og_title":"Dosim iesp\u0113ju talantam! - Latvijas Neredz\u012bgo Biedr\u012bba","og_description":"Projekts ir realiz\u0113ts &lt;!&#8211; Dosim iesp\u0113ju talantam! &#8211;&gt; Rado\u0161o iniciat\u012bvu viecin\u0101\u0161ana Ilgums: 1. maijs 2018 &#8211; 10. decembris 2018 Projekta ietvaros tiks rad\u012bta koncertprogramma Starptautiskajai inval\u012bdu dienai par godu, kuras galvenie skatuves m\u0101kslinieki b\u016bs cilv\u0113ki ar invalidit\u0101ti no da\u017e\u0101diem m\u0101kslinieciskajiem kolekt\u012bviem, seniori, b\u0113rni un jaunie\u0161i, kas darbojas Vidzemes pl\u0101no\u0161anas re\u0123ion\u0101. Starptautisk\u0101s inval\u012bdu dienas gaid\u0101s cilv\u0113kiem [&hellip;]","og_url":"https:\/\/lnbiedriba.lv\/lv\/projekts\/dosim-iespeju-talantam\/","og_site_name":"Latvijas Neredz\u012bgo Biedr\u012bba","og_image":[{"width":520,"height":520,"url":"https:\/\/lnbiedriba.lv\/wp-content\/uploads\/2024\/12\/20_32190980-10155565567381313-995246237194125312_1-2.jpg","type":"image\/jpeg"}],"twitter_card":"summary_large_image","twitter_misc":{"Est. reading time":"5 minutes"},"schema":{"@context":"https:\/\/schema.org","@graph":[{"@type":"WebPage","@id":"https:\/\/lnbiedriba.lv\/lv\/projekts\/dosim-iespeju-talantam\/","url":"https:\/\/lnbiedriba.lv\/lv\/projekts\/dosim-iespeju-talantam\/","name":"Dosim iesp\u0113ju talantam! - Latvijas Neredz\u012bgo Biedr\u012bba","isPartOf":{"@id":"https:\/\/www.deepskyblue-opossum-371189.hostingersite.com\/en\/#website"},"primaryImageOfPage":{"@id":"https:\/\/lnbiedriba.lv\/lv\/projekts\/dosim-iespeju-talantam\/#primaryimage"},"image":{"@id":"https:\/\/lnbiedriba.lv\/lv\/projekts\/dosim-iespeju-talantam\/#primaryimage"},"thumbnailUrl":"https:\/\/lnbiedriba.lv\/wp-content\/uploads\/2024\/12\/20_32190980-10155565567381313-995246237194125312_1-2.jpg","datePublished":"2024-12-20T07:15:10+00:00","breadcrumb":{"@id":"https:\/\/lnbiedriba.lv\/lv\/projekts\/dosim-iespeju-talantam\/#breadcrumb"},"inLanguage":"lv-LV","potentialAction":[{"@type":"ReadAction","target":["https:\/\/lnbiedriba.lv\/lv\/projekts\/dosim-iespeju-talantam\/"]}]},{"@type":"ImageObject","inLanguage":"lv-LV","@id":"https:\/\/lnbiedriba.lv\/lv\/projekts\/dosim-iespeju-talantam\/#primaryimage","url":"https:\/\/lnbiedriba.lv\/wp-content\/uploads\/2024\/12\/20_32190980-10155565567381313-995246237194125312_1-2.jpg","contentUrl":"https:\/\/lnbiedriba.lv\/wp-content\/uploads\/2024\/12\/20_32190980-10155565567381313-995246237194125312_1-2.jpg","width":520,"height":520},{"@type":"BreadcrumbList","@id":"https:\/\/lnbiedriba.lv\/lv\/projekts\/dosim-iespeju-talantam\/#breadcrumb","itemListElement":[{"@type":"ListItem","position":1,"name":"Home","item":"https:\/\/www.deepskyblue-opossum-371189.hostingersite.com\/lv\/"},{"@type":"ListItem","position":2,"name":"Dosim iesp\u0113ju talantam!"}]},{"@type":"WebSite","@id":"https:\/\/www.deepskyblue-opossum-371189.hostingersite.com\/en\/#website","url":"https:\/\/www.deepskyblue-opossum-371189.hostingersite.com\/en\/","name":"Latvijas Neredz\u012bgo Biedr\u012bba","description":"Apvienojam un p\u0101rst\u0101vam 1., 2. un 3. grupas redzes inval\u012bdu intereses Latvij\u0101.","potentialAction":[{"@type":"SearchAction","target":{"@type":"EntryPoint","urlTemplate":"https:\/\/www.deepskyblue-opossum-371189.hostingersite.com\/en\/?s={search_term_string}"},"query-input":{"@type":"PropertyValueSpecification","valueRequired":true,"valueName":"search_term_string"}}],"inLanguage":"lv-LV"}]}},"_links":{"self":[{"href":"https:\/\/lnbiedriba.lv\/lv\/wp-json\/wp\/v2\/projekts\/7585","targetHints":{"allow":["GET"]}}],"collection":[{"href":"https:\/\/lnbiedriba.lv\/lv\/wp-json\/wp\/v2\/projekts"}],"about":[{"href":"https:\/\/lnbiedriba.lv\/lv\/wp-json\/wp\/v2\/types\/projekts"}],"wp:featuredmedia":[{"embeddable":true,"href":"https:\/\/lnbiedriba.lv\/lv\/wp-json\/wp\/v2\/media\/7583"}],"wp:attachment":[{"href":"https:\/\/lnbiedriba.lv\/lv\/wp-json\/wp\/v2\/media?parent=7585"}],"wp:term":[{"taxonomy":"projektu-kategorija","embeddable":true,"href":"https:\/\/lnbiedriba.lv\/lv\/wp-json\/wp\/v2\/projektu-kategorija?post=7585"}],"curies":[{"name":"wp","href":"https:\/\/api.w.org\/{rel}","templated":true}]}}