{"id":7597,"date":"2024-12-20T07:15:12","date_gmt":"2024-12-20T07:15:12","guid":{"rendered":"https:\/\/deepskyblue-opossum-371189.hostingersite.com\/projekts\/jaunu-socialo-pakalpojumu-ieviesana-cilvekiem-ar-redzes-traucejumiem\/"},"modified":"2024-12-20T07:15:12","modified_gmt":"2024-12-20T07:15:12","slug":"jaunu-socialo-pakalpojumu-ieviesana-cilvekiem-ar-redzes-traucejumiem","status":"publish","type":"projekts","link":"https:\/\/lnbiedriba.lv\/lv\/projekts\/jaunu-socialo-pakalpojumu-ieviesana-cilvekiem-ar-redzes-traucejumiem\/","title":{"rendered":"Jaunu soci\u0101lo pakalpojumu ievie\u0161ana cilv\u0113kiem ar redzes trauc\u0113jumiem"},"content":{"rendered":"<div class=\"post-media col-lg-6 col-md-6 col-sm-6 ml-0 pl-0\">\n                                <a class=\"cbox-gallary1 cboxElement\" href=\"\/img\/projekti\/24_97a5844_lrg.jpg\" target=\"_blank\" title=\"Jaunu soci\u0101lo pakalpojumu ievie\u0161ana cilv\u0113kiem ar redzes trauc\u0113jumiem\"><img decoding=\"async\" src=\"\/img\/projekti\/24_97a5844_1.jpg\" alt=\"Jaunu soci\u0101lo pakalpojumu ievie\u0161ana cilv\u0113kiem ar redzes trauc\u0113jumiem\"><\/a>\n                            <\/div>\n<div class=\"post-entry\">\n                                <span class=\"project-completed\">Projekts ir realiz\u0113ts<\/span><\/p>\n<p>                                &lt;!&#8211; <\/p>\n<h3>Jaunu soci\u0101lo pakalpojumu ievie\u0161ana cilv\u0113kiem ar redzes trauc\u0113jumiem<\/p>\n<\/h3>\n<p> &#8211;&gt;<\/p>\n<h5 class=\"mb-30\">Nometne par nodarbin\u0101t\u012bbu, izgl\u012bt\u012bbu un akt\u012bvu dz\u012bvesveidu jaunie\u0161iem ar redzes trauc\u0113jumiem<\/h5>\n<p class=\"mb-10\"><b>Ilgums:<\/b> 16. j\u016blijs 2018 &#8211; 30. septembris 2018<\/p>\n<div class=\"clearfix\"><\/div>\n<\/p><\/div>\n<div class=\"col-lg-9 col-md-12 ml-0 pl-0\">\n<div style=\"width:97%\">\n                                <span> <\/span><\/p>\n<p><span>No 2018.gada 3.-7.septembrim Latvijas Neredz\u012bgo biedr\u012bba sadarb\u012bb\u0101 ar SIA \u201eLNB Rehabilit\u0101cijas centrs\u201d \u012bstenos Labkl\u0101j\u012bbas ministrijas finans\u0113t\u0101 konkursa \u201cNevalstisko organiz\u0101ciju projektu \u012bsteno\u0161ana labkl\u0101j\u012bbas jom\u0101 2018.gadam\u201d projektu \u201eJaunu soci\u0101lo pakalpojumu ievie\u0161ana cilv\u0113kiem ar redzes trauc\u0113jumiem\u201d, kas sev\u012b ietvers nometni jaunie\u0161iem no 18-35 gadiem piecu dienu garum\u0101.<\/span><\/p>\n<p><span> <\/span><\/p>\n<p><span>Rehabilit\u0101cijas speci\u0101listi ar ilggad\u0113ju pieredzi \u0161aj\u0101 jom\u0101 izstr\u0101d\u0101ju\u0161i dienas pl\u0101nu jaunie\u0161iem ar redzes trauc\u0113jumiem nodarbin\u0101t\u012bbas un izgl\u012bt\u012bbas veicin\u0101\u0161anas jom\u0101. Lai \u0161o programmu padzi\u013cin\u0101t\u0101k izp\u0113t\u012btu praks\u0113, rehabilitatori nometn\u0113 piecu dienu garum\u0101 darbosies ar m\u0113r\u0137a grupu un \u012bstenos \u0161os sast\u0101d\u012btos dienas pl\u0101nus. Atsevi\u0161\u0137i tiks piesaist\u012bti da\u017e\u0101du jomu speci\u0101listi, kuri dal\u012bsies ar m\u0113r\u0137a grupas dal\u012bbniekiem ar sav\u0101m zin\u0101\u0161an\u0101m: tie b\u016bs psihologi, uz\u0146\u0113m\u0113ji, karjeras konsultanti, akt\u012bva dz\u012bvesveida veicin\u0101t\u0101ji un citi speci\u0101listi.<em> <\/em>Nometn\u0113 m\u0113r\u0137a grupas dal\u012bbniekiem soci\u0101lo rehabilit\u0113t\u0101ju un speci\u0101listu uzraudz\u012bb\u0101 tiks sniegtas zin\u0101\u0161anas par nodarbin\u0101t\u012bbas veicin\u0101\u0161anu, jo \u012bpa\u0161i par darba iesp\u0113j\u0101m soci\u0101l\u0101s uz\u0146\u0113m\u0113jdarb\u012bbas jom\u0101 un akt\u012bvu, vesel\u012bgu dz\u012bvesveidu. T\u0101pat soci\u0101lie rehabilit\u0113t\u0101ji konsult\u0113s un apm\u0101c\u012bs nometnes dal\u012bbniekus mobilit\u0101tes, pa\u0161apr\u016bpes un m\u0101jsaimniec\u012bbas jaut\u0101jumos, lai m\u0113r\u0137a grupas dal\u012bbnieks patst\u0101v\u012bgi sp\u0113j pie\u0146emt l\u0113mumus, orient\u0113ties apk\u0101rt\u0113j\u0101 vid\u0113 un konkur\u0113t darba tirg\u016b.<\/span><\/p>\n<p>K\u0101 p\u0101rsteigums jaunie\u0161iem nometn\u0113 ierad\u012bsies k\u0101da sabiedr\u012bb\u0101 labi zin\u0101ma persona, lai \u0161os jaunie\u0161us k\u0101rt\u012bgi nomotiv\u0113tu un iedro\u0161in\u0101tu r\u012bkoties, lai sasniegtu savus m\u0113r\u0137us. T\u0101pat tiks organiz\u0113ta vienas dienas orient\u0113\u0161an\u0101s sl\u0113p\u0146u sp\u0113le C\u0113su pils\u0113tas centr\u0101.<\/p>\n<p><span> <\/span><\/p>\n<p><span>&nbsp;<\/span><\/p>\n<p><span> <\/span>\n                                <\/div>\n<div class=\"clearfix pt-15\"><\/div>\n<\/p><\/div>\n<div class=\"col-lg-3 col-md-12 ml-0 pl-0 mr-0 pr-0\">\n<div class=\"pieteikties-kpers\">\n<h6>Kontaktinform\u0101cija<\/h6>\n<p>                                  <!-- Piesakieties rakstot vai zvanot un rad\u012bsim br\u012bnumu kop\u0101! --><\/p>\n<table border=\"0\" cellpadding=\"0\" cellspacing=\"0\">\n<tbody>\n<tr>\n<td class=\"foto\"><img decoding=\"async\" src=\"\/usr\/pers\/sandra-smona.jpg\" alt=\"Sandra Smona\"><\/td>\n<td><b>Sandra Smona<\/b><\/td>\n<\/tr>\n<\/tbody>\n<\/table>\n<p>                                     <a class=\"txt-lg\" aria-label=\"T\u0101lrunis\" href=\"tel:+37128880203\"><i class=\"fa fa-phone left\"><\/i>+37128880203<\/a><br \/><a class=\"txt-lg\" href=\"mailto:sandra.smona@gmail.com\" aria-label=\"E-pasts\"><i class=\"fa fa-envelope-o left\"><\/i>sandra.smona@gmail.com<\/a>\n                                <\/div>\n<\/p><\/div>\n","protected":false},"featured_media":7595,"template":"","projektu-kategorija":[280],"class_list":["post-7597","projekts","type-projekts","status-publish","has-post-thumbnail","hentry","projektu-kategorija-realizetie-projekti"],"acf":[],"yoast_head":"<!-- This site is optimized with the Yoast SEO plugin v27.4 - https:\/\/yoast.com\/product\/yoast-seo-wordpress\/ -->\n<title>Jaunu soci\u0101lo pakalpojumu ievie\u0161ana cilv\u0113kiem ar redzes trauc\u0113jumiem - Latvijas Neredz\u012bgo Biedr\u012bba<\/title>\n<meta name=\"robots\" content=\"index, follow, max-snippet:-1, max-image-preview:large, max-video-preview:-1\" \/>\n<link rel=\"canonical\" href=\"https:\/\/lnbiedriba.lv\/lv\/projekts\/jaunu-socialo-pakalpojumu-ieviesana-cilvekiem-ar-redzes-traucejumiem\/\" \/>\n<meta property=\"og:locale\" content=\"lv_LV\" \/>\n<meta property=\"og:type\" content=\"article\" \/>\n<meta property=\"og:title\" content=\"Jaunu soci\u0101lo pakalpojumu ievie\u0161ana cilv\u0113kiem ar redzes trauc\u0113jumiem - Latvijas Neredz\u012bgo Biedr\u012bba\" \/>\n<meta property=\"og:description\" content=\"Projekts ir realiz\u0113ts &lt;!&#8211; Jaunu soci\u0101lo pakalpojumu ievie\u0161ana cilv\u0113kiem ar redzes trauc\u0113jumiem &#8211;&gt; Nometne par nodarbin\u0101t\u012bbu, izgl\u012bt\u012bbu un akt\u012bvu dz\u012bvesveidu jaunie\u0161iem ar redzes trauc\u0113jumiem Ilgums: 16. j\u016blijs 2018 &#8211; 30. septembris 2018 No 2018.gada 3.-7.septembrim Latvijas Neredz\u012bgo biedr\u012bba sadarb\u012bb\u0101 ar SIA \u201eLNB Rehabilit\u0101cijas centrs\u201d \u012bstenos Labkl\u0101j\u012bbas ministrijas finans\u0113t\u0101 konkursa \u201cNevalstisko organiz\u0101ciju projektu \u012bsteno\u0161ana labkl\u0101j\u012bbas jom\u0101 [&hellip;]\" \/>\n<meta property=\"og:url\" content=\"https:\/\/lnbiedriba.lv\/lv\/projekts\/jaunu-socialo-pakalpojumu-ieviesana-cilvekiem-ar-redzes-traucejumiem\/\" \/>\n<meta property=\"og:site_name\" content=\"Latvijas Neredz\u012bgo Biedr\u012bba\" \/>\n<meta property=\"og:image\" content=\"https:\/\/lnbiedriba.lv\/wp-content\/uploads\/2024\/12\/24_97a5844_1-2.jpg\" \/>\n\t<meta property=\"og:image:width\" content=\"520\" \/>\n\t<meta property=\"og:image:height\" content=\"520\" \/>\n\t<meta property=\"og:image:type\" content=\"image\/jpeg\" \/>\n<meta name=\"twitter:card\" content=\"summary_large_image\" \/>\n<meta name=\"twitter:label1\" content=\"Est. reading time\" \/>\n\t<meta name=\"twitter:data1\" content=\"2 minutes\" \/>\n<script type=\"application\/ld+json\" class=\"yoast-schema-graph\">{\"@context\":\"https:\\\/\\\/schema.org\",\"@graph\":[{\"@type\":\"WebPage\",\"@id\":\"https:\\\/\\\/lnbiedriba.lv\\\/lv\\\/projekts\\\/jaunu-socialo-pakalpojumu-ieviesana-cilvekiem-ar-redzes-traucejumiem\\\/\",\"url\":\"https:\\\/\\\/lnbiedriba.lv\\\/lv\\\/projekts\\\/jaunu-socialo-pakalpojumu-ieviesana-cilvekiem-ar-redzes-traucejumiem\\\/\",\"name\":\"Jaunu soci\u0101lo pakalpojumu ievie\u0161ana cilv\u0113kiem ar redzes trauc\u0113jumiem - Latvijas Neredz\u012bgo Biedr\u012bba\",\"isPartOf\":{\"@id\":\"https:\\\/\\\/www.deepskyblue-opossum-371189.hostingersite.com\\\/en\\\/#website\"},\"primaryImageOfPage\":{\"@id\":\"https:\\\/\\\/lnbiedriba.lv\\\/lv\\\/projekts\\\/jaunu-socialo-pakalpojumu-ieviesana-cilvekiem-ar-redzes-traucejumiem\\\/#primaryimage\"},\"image\":{\"@id\":\"https:\\\/\\\/lnbiedriba.lv\\\/lv\\\/projekts\\\/jaunu-socialo-pakalpojumu-ieviesana-cilvekiem-ar-redzes-traucejumiem\\\/#primaryimage\"},\"thumbnailUrl\":\"https:\\\/\\\/lnbiedriba.lv\\\/wp-content\\\/uploads\\\/2024\\\/12\\\/24_97a5844_1-2.jpg\",\"datePublished\":\"2024-12-20T07:15:12+00:00\",\"breadcrumb\":{\"@id\":\"https:\\\/\\\/lnbiedriba.lv\\\/lv\\\/projekts\\\/jaunu-socialo-pakalpojumu-ieviesana-cilvekiem-ar-redzes-traucejumiem\\\/#breadcrumb\"},\"inLanguage\":\"lv-LV\",\"potentialAction\":[{\"@type\":\"ReadAction\",\"target\":[\"https:\\\/\\\/lnbiedriba.lv\\\/lv\\\/projekts\\\/jaunu-socialo-pakalpojumu-ieviesana-cilvekiem-ar-redzes-traucejumiem\\\/\"]}]},{\"@type\":\"ImageObject\",\"inLanguage\":\"lv-LV\",\"@id\":\"https:\\\/\\\/lnbiedriba.lv\\\/lv\\\/projekts\\\/jaunu-socialo-pakalpojumu-ieviesana-cilvekiem-ar-redzes-traucejumiem\\\/#primaryimage\",\"url\":\"https:\\\/\\\/lnbiedriba.lv\\\/wp-content\\\/uploads\\\/2024\\\/12\\\/24_97a5844_1-2.jpg\",\"contentUrl\":\"https:\\\/\\\/lnbiedriba.lv\\\/wp-content\\\/uploads\\\/2024\\\/12\\\/24_97a5844_1-2.jpg\",\"width\":520,\"height\":520},{\"@type\":\"BreadcrumbList\",\"@id\":\"https:\\\/\\\/lnbiedriba.lv\\\/lv\\\/projekts\\\/jaunu-socialo-pakalpojumu-ieviesana-cilvekiem-ar-redzes-traucejumiem\\\/#breadcrumb\",\"itemListElement\":[{\"@type\":\"ListItem\",\"position\":1,\"name\":\"Home\",\"item\":\"https:\\\/\\\/www.deepskyblue-opossum-371189.hostingersite.com\\\/lv\\\/\"},{\"@type\":\"ListItem\",\"position\":2,\"name\":\"Jaunu soci\u0101lo pakalpojumu ievie\u0161ana cilv\u0113kiem ar redzes trauc\u0113jumiem\"}]},{\"@type\":\"WebSite\",\"@id\":\"https:\\\/\\\/www.deepskyblue-opossum-371189.hostingersite.com\\\/en\\\/#website\",\"url\":\"https:\\\/\\\/www.deepskyblue-opossum-371189.hostingersite.com\\\/en\\\/\",\"name\":\"Latvijas Neredz\u012bgo Biedr\u012bba\",\"description\":\"Apvienojam un p\u0101rst\u0101vam 1., 2. un 3. grupas redzes inval\u012bdu intereses Latvij\u0101.\",\"potentialAction\":[{\"@type\":\"SearchAction\",\"target\":{\"@type\":\"EntryPoint\",\"urlTemplate\":\"https:\\\/\\\/www.deepskyblue-opossum-371189.hostingersite.com\\\/en\\\/?s={search_term_string}\"},\"query-input\":{\"@type\":\"PropertyValueSpecification\",\"valueRequired\":true,\"valueName\":\"search_term_string\"}}],\"inLanguage\":\"lv-LV\"}]}<\/script>\n<!-- \/ Yoast SEO plugin. -->","yoast_head_json":{"title":"Jaunu soci\u0101lo pakalpojumu ievie\u0161ana cilv\u0113kiem ar redzes trauc\u0113jumiem - Latvijas Neredz\u012bgo Biedr\u012bba","robots":{"index":"index","follow":"follow","max-snippet":"max-snippet:-1","max-image-preview":"max-image-preview:large","max-video-preview":"max-video-preview:-1"},"canonical":"https:\/\/lnbiedriba.lv\/lv\/projekts\/jaunu-socialo-pakalpojumu-ieviesana-cilvekiem-ar-redzes-traucejumiem\/","og_locale":"lv_LV","og_type":"article","og_title":"Jaunu soci\u0101lo pakalpojumu ievie\u0161ana cilv\u0113kiem ar redzes trauc\u0113jumiem - Latvijas Neredz\u012bgo Biedr\u012bba","og_description":"Projekts ir realiz\u0113ts &lt;!&#8211; Jaunu soci\u0101lo pakalpojumu ievie\u0161ana cilv\u0113kiem ar redzes trauc\u0113jumiem &#8211;&gt; Nometne par nodarbin\u0101t\u012bbu, izgl\u012bt\u012bbu un akt\u012bvu dz\u012bvesveidu jaunie\u0161iem ar redzes trauc\u0113jumiem Ilgums: 16. j\u016blijs 2018 &#8211; 30. septembris 2018 No 2018.gada 3.-7.septembrim Latvijas Neredz\u012bgo biedr\u012bba sadarb\u012bb\u0101 ar SIA \u201eLNB Rehabilit\u0101cijas centrs\u201d \u012bstenos Labkl\u0101j\u012bbas ministrijas finans\u0113t\u0101 konkursa \u201cNevalstisko organiz\u0101ciju projektu \u012bsteno\u0161ana labkl\u0101j\u012bbas jom\u0101 [&hellip;]","og_url":"https:\/\/lnbiedriba.lv\/lv\/projekts\/jaunu-socialo-pakalpojumu-ieviesana-cilvekiem-ar-redzes-traucejumiem\/","og_site_name":"Latvijas Neredz\u012bgo Biedr\u012bba","og_image":[{"width":520,"height":520,"url":"https:\/\/lnbiedriba.lv\/wp-content\/uploads\/2024\/12\/24_97a5844_1-2.jpg","type":"image\/jpeg"}],"twitter_card":"summary_large_image","twitter_misc":{"Est. reading time":"2 minutes"},"schema":{"@context":"https:\/\/schema.org","@graph":[{"@type":"WebPage","@id":"https:\/\/lnbiedriba.lv\/lv\/projekts\/jaunu-socialo-pakalpojumu-ieviesana-cilvekiem-ar-redzes-traucejumiem\/","url":"https:\/\/lnbiedriba.lv\/lv\/projekts\/jaunu-socialo-pakalpojumu-ieviesana-cilvekiem-ar-redzes-traucejumiem\/","name":"Jaunu soci\u0101lo pakalpojumu ievie\u0161ana cilv\u0113kiem ar redzes trauc\u0113jumiem - Latvijas Neredz\u012bgo Biedr\u012bba","isPartOf":{"@id":"https:\/\/www.deepskyblue-opossum-371189.hostingersite.com\/en\/#website"},"primaryImageOfPage":{"@id":"https:\/\/lnbiedriba.lv\/lv\/projekts\/jaunu-socialo-pakalpojumu-ieviesana-cilvekiem-ar-redzes-traucejumiem\/#primaryimage"},"image":{"@id":"https:\/\/lnbiedriba.lv\/lv\/projekts\/jaunu-socialo-pakalpojumu-ieviesana-cilvekiem-ar-redzes-traucejumiem\/#primaryimage"},"thumbnailUrl":"https:\/\/lnbiedriba.lv\/wp-content\/uploads\/2024\/12\/24_97a5844_1-2.jpg","datePublished":"2024-12-20T07:15:12+00:00","breadcrumb":{"@id":"https:\/\/lnbiedriba.lv\/lv\/projekts\/jaunu-socialo-pakalpojumu-ieviesana-cilvekiem-ar-redzes-traucejumiem\/#breadcrumb"},"inLanguage":"lv-LV","potentialAction":[{"@type":"ReadAction","target":["https:\/\/lnbiedriba.lv\/lv\/projekts\/jaunu-socialo-pakalpojumu-ieviesana-cilvekiem-ar-redzes-traucejumiem\/"]}]},{"@type":"ImageObject","inLanguage":"lv-LV","@id":"https:\/\/lnbiedriba.lv\/lv\/projekts\/jaunu-socialo-pakalpojumu-ieviesana-cilvekiem-ar-redzes-traucejumiem\/#primaryimage","url":"https:\/\/lnbiedriba.lv\/wp-content\/uploads\/2024\/12\/24_97a5844_1-2.jpg","contentUrl":"https:\/\/lnbiedriba.lv\/wp-content\/uploads\/2024\/12\/24_97a5844_1-2.jpg","width":520,"height":520},{"@type":"BreadcrumbList","@id":"https:\/\/lnbiedriba.lv\/lv\/projekts\/jaunu-socialo-pakalpojumu-ieviesana-cilvekiem-ar-redzes-traucejumiem\/#breadcrumb","itemListElement":[{"@type":"ListItem","position":1,"name":"Home","item":"https:\/\/www.deepskyblue-opossum-371189.hostingersite.com\/lv\/"},{"@type":"ListItem","position":2,"name":"Jaunu soci\u0101lo pakalpojumu ievie\u0161ana cilv\u0113kiem ar redzes trauc\u0113jumiem"}]},{"@type":"WebSite","@id":"https:\/\/www.deepskyblue-opossum-371189.hostingersite.com\/en\/#website","url":"https:\/\/www.deepskyblue-opossum-371189.hostingersite.com\/en\/","name":"Latvijas Neredz\u012bgo Biedr\u012bba","description":"Apvienojam un p\u0101rst\u0101vam 1., 2. un 3. grupas redzes inval\u012bdu intereses Latvij\u0101.","potentialAction":[{"@type":"SearchAction","target":{"@type":"EntryPoint","urlTemplate":"https:\/\/www.deepskyblue-opossum-371189.hostingersite.com\/en\/?s={search_term_string}"},"query-input":{"@type":"PropertyValueSpecification","valueRequired":true,"valueName":"search_term_string"}}],"inLanguage":"lv-LV"}]}},"_links":{"self":[{"href":"https:\/\/lnbiedriba.lv\/lv\/wp-json\/wp\/v2\/projekts\/7597","targetHints":{"allow":["GET"]}}],"collection":[{"href":"https:\/\/lnbiedriba.lv\/lv\/wp-json\/wp\/v2\/projekts"}],"about":[{"href":"https:\/\/lnbiedriba.lv\/lv\/wp-json\/wp\/v2\/types\/projekts"}],"wp:featuredmedia":[{"embeddable":true,"href":"https:\/\/lnbiedriba.lv\/lv\/wp-json\/wp\/v2\/media\/7595"}],"wp:attachment":[{"href":"https:\/\/lnbiedriba.lv\/lv\/wp-json\/wp\/v2\/media?parent=7597"}],"wp:term":[{"taxonomy":"projektu-kategorija","embeddable":true,"href":"https:\/\/lnbiedriba.lv\/lv\/wp-json\/wp\/v2\/projektu-kategorija?post=7597"}],"curies":[{"name":"wp","href":"https:\/\/api.w.org\/{rel}","templated":true}]}}